{"id":2271,"date":"2019-07-09T09:17:08","date_gmt":"2019-07-09T07:17:08","guid":{"rendered":"http:\/\/dev.raimeux.org\/?post_type=parcours&#038;p=2271"},"modified":"2026-04-29T15:23:00","modified_gmt":"2026-04-29T13:23:00","slug":"du-nord-au-sud","status":"publish","type":"parcours","link":"https:\/\/raimeux.org\/de\/parcours\/du-nord-au-sud\/","title":{"rendered":"Du Nord au Sud"},"content":{"rendered":"\r\n<ul class=\"wp-block-list\">\r\n<li><strong>D\u00e9part:\u00a0<\/strong>depuis la gare de Del\u00e9mont, direction Vicques, puis direction Vermes pour rejoindre le Mus\u00e9e d\u2019animaux naturalis\u00e9s \u00abl\u2019Arche de No\u00e9\u00bb (10 km)<\/li>\r\n<li>En route pour 7 km de balade dans les Gorges de Vermes et d&#8217;Envelier, jusqu\u2019\u00e0 la Rossmatt<\/li>\r\n<li>Apr\u00e8s le pique-nique, les mollets vont chauffer sur 7 km, en passant par Elay\/Seehof, puis terminer la journ\u00e9e \u00e0 la maison d&#8217;h\u00f4tes Probstenberg, avec repas le soir au restaurant Hinterbrandberg<\/li>\r\n<li>Au matin, en route pour une descente de 6 km jusqu\u2019\u00e0 G\u00e4nsbrunnen<\/li>\r\n<li>Et rejoindre le zoo Sikypark \u00e0 Cr\u00e9mines (1 km plus loin)<\/li>\r\n<li>Puis visite du Banneret Wisard \u00e0 Grandval (3 km du zoo)<\/li>\r\n<li>A 4 km de Grandval vous pouvez rejoindre la gare de Moutier<\/li>\r\n<li><strong>Infos utiles:<\/strong>\r\n<ul>\r\n<li>Apr\u00e8s Elay\/Seehof, la mont\u00e9e est tr\u00e8s pentue (v\u00e9lo \u00e9lectrique conseill\u00e9)<\/li>\r\n<li>Pour les v\u00e9los \u00e9lectriques: possibilit\u00e9 de charger vos batteries \u00e0 Probstenberg<\/li>\r\n<li>Visites guid\u00e9es et autres infos utiles autour du Val Terbi:\u00a0<a href=\"http:\/\/www.provalterbi.ch\/spip\/spip.php?rubrique66\">http:\/\/www.provalterbi.ch\/spip\/spip.php?rubrique66<\/a><\/li>\r\n<li>Vous pouvez aussi dormir une nuit suppl\u00e9mentaire, \u00e0 Grandval, \u00e0 La Ruine du Moujik<\/li>\r\n<li>D\u00e9couvrez comment rejoindre notre r\u00e9gion?<\/li>\r\n<\/ul>\r\n<\/li>\r\n<li><strong>Activit\u00e9s possibles aux alentours:<\/strong>\r\n<ul>\r\n<li>Visite du sentier botanique de Vermes<\/li>\r\n<li>Balade sur la Route de Valdor\u00e9e (<a href=\"http:\/\/www.sird.ch\/valdoree\/\">http:\/\/www.sird.ch\/valdoree<\/a>)<\/li>\r\n<li>D\u00e9couverte des magnifiques gorges du Wolfsschlucht (<a href=\"https:\/\/www.schweizmobil.ch\/fr\/suisse-a-pied\/itineraires\/route-0484.html\">https:\/\/www.schweizmobil.ch\/fr\/suisse-a-pied\/itineraires\/route-0484.html<\/a>)<\/li>\r\n<li>Le B\u00e4renloch de Welschenrohr (<a href=\"https:\/\/www.viasurprise.ch\/baerenloch\/\">https:\/\/www.viasurprise.ch\/baerenloch<\/a>)<\/li>\r\n<li>Le parc naturel de Thal (<a href=\"https:\/\/www.naturparkthal.ch\/\">https:\/\/www.naturparkthal.ch<\/a>)<\/li>\r\n<li>Possibilit\u00e9 de dormir du c\u00f4t\u00e9 Sud:\u00a0\u00e0 La Ruine du Moujik (Grandval) ou en ville de Moutier<\/li>\r\n<li>Se d\u00e9tendre au centre wellness Aquavirat \u00e0 Cr\u00e9mines<\/li>\r\n<li>Visite des \u00e9tangs de Grandval (r\u00e9serve naturelle)<\/li>\r\n<li>En hiver et si la neige est au rendez-vous, petit d\u00e9tour au t\u00e9l\u00e9ski de Grandval<\/li>\r\n<li>Visite de l\u2019ancienne forge Le Martinet \u00e0 Corcelles (histoire du fer et exposition de fossiles de la r\u00e9gion)<\/li>\r\n<\/ul>\r\n<\/li>\r\n<\/ul>\r\n","protected":false},"author":1,"featured_media":0,"template":"","class_list":["post-2271","parcours","type-parcours","status-publish","hentry"],"acf":[],"_links":{"self":[{"href":"https:\/\/raimeux.org\/de\/wp-json\/wp\/v2\/parcours\/2271","targetHints":{"allow":["GET"]}}],"collection":[{"href":"https:\/\/raimeux.org\/de\/wp-json\/wp\/v2\/parcours"}],"about":[{"href":"https:\/\/raimeux.org\/de\/wp-json\/wp\/v2\/types\/parcours"}],"author":[{"embeddable":true,"href":"https:\/\/raimeux.org\/de\/wp-json\/wp\/v2\/users\/1"}],"version-history":[{"count":6,"href":"https:\/\/raimeux.org\/de\/wp-json\/wp\/v2\/parcours\/2271\/revisions"}],"predecessor-version":[{"id":6927,"href":"https:\/\/raimeux.org\/de\/wp-json\/wp\/v2\/parcours\/2271\/revisions\/6927"}],"wp:attachment":[{"href":"https:\/\/raimeux.org\/de\/wp-json\/wp\/v2\/media?parent=2271"}],"curies":[{"name":"wp","href":"https:\/\/api.w.org\/{rel}","templated":true}]}}