{"id":2235,"date":"2019-07-08T13:42:28","date_gmt":"2019-07-08T11:42:28","guid":{"rendered":"http:\/\/dev.raimeux.org\/?post_type=voisins&#038;p=2235"},"modified":"2019-07-19T13:57:28","modified_gmt":"2019-07-19T11:57:28","slug":"remontees-mecaniques-du-weissenstein","status":"publish","type":"voisins","link":"https:\/\/raimeux.org\/de\/voisins\/remontees-mecaniques-du-weissenstein\/","title":{"rendered":"Remont\u00e9es m\u00e9caniques du Weissenstein"},"content":{"rendered":"\n<p>Une visite au Weissenstein offre des moments inoubliables \u00e0 chaque saison. La nouvelle t\u00e9l\u00e9cabine vous emm\u00e8ne en 10 minutes sur la montagne de Soleure. Pendant le trajet en t\u00e9l\u00e9cabine panoramique, vous pouvez admirer la vue extraordinaire sur le Plateau suisse et les Alpes \u2013 une sortie pour toute la famille entre Oberdorf (SO) et 1280 m d\u2019altitude. Le Weissenstein vous offre un fantastique panorama alpin allant du S\u00e4ntis au Mont Blanc. Autre excursion incontournable: le sentier des plan\u00e8tes, qui permet de d\u00e9couvrir l\u2019univers, est tr\u00e8s appr\u00e9ci\u00e9 des randonneurs qui font passer le plaisir avant la performance. Le jardin du Jura et ses 200 vari\u00e9t\u00e9s de plantes est un v\u00e9ritable bijou, et les auberges de montagne vous proposent de savoureuses sp\u00e9cialit\u00e9s locales.<\/p>\n\n\n\n<p><a href=\"http:\/\/seilbahn-weissenstein.ch\" target=\"_blank\" rel=\"noreferrer noopener\">Visitez le site<\/a><\/p>\n","protected":false},"author":1,"featured_media":2236,"template":"","class_list":["post-2235","voisins","type-voisins","status-publish","has-post-thumbnail","hentry"],"acf":[],"_links":{"self":[{"href":"https:\/\/raimeux.org\/de\/wp-json\/wp\/v2\/voisins\/2235","targetHints":{"allow":["GET"]}}],"collection":[{"href":"https:\/\/raimeux.org\/de\/wp-json\/wp\/v2\/voisins"}],"about":[{"href":"https:\/\/raimeux.org\/de\/wp-json\/wp\/v2\/types\/voisins"}],"author":[{"embeddable":true,"href":"https:\/\/raimeux.org\/de\/wp-json\/wp\/v2\/users\/1"}],"version-history":[{"count":4,"href":"https:\/\/raimeux.org\/de\/wp-json\/wp\/v2\/voisins\/2235\/revisions"}],"predecessor-version":[{"id":2455,"href":"https:\/\/raimeux.org\/de\/wp-json\/wp\/v2\/voisins\/2235\/revisions\/2455"}],"wp:featuredmedia":[{"embeddable":true,"href":"https:\/\/raimeux.org\/de\/wp-json\/wp\/v2\/media\/2236"}],"wp:attachment":[{"href":"https:\/\/raimeux.org\/de\/wp-json\/wp\/v2\/media?parent=2235"}],"curies":[{"name":"wp","href":"https:\/\/api.w.org\/{rel}","templated":true}]}}