{"id":2492,"date":"2019-07-24T14:56:19","date_gmt":"2019-07-24T12:56:19","guid":{"rendered":"http:\/\/dev.raimeux.org\/?post_type=voisins&#038;p=2492"},"modified":"2019-07-24T14:56:20","modified_gmt":"2019-07-24T12:56:20","slug":"pro-val-terbi","status":"publish","type":"voisins","link":"https:\/\/raimeux.org\/de\/voisins\/pro-val-terbi\/","title":{"rendered":"Pro Val Terbi"},"content":{"rendered":"\n<p>Le Val Terbi regroupe huit villages, en cinq communes, \u00e0 l\u2019Est du Jura, dans les vallons arros\u00e9s par la Scheulte, la Gabiare et la Ch\u00e8vre. Il compte 7000 habitants qui vivent dans un cadre accueillant, calme et agr\u00e9able, \u00e0 quelques minutes de la capitale du Jura, Del\u00e9mont.<\/p>\n\n\n\n<p>Courroux, Courcelon, Vicques, Recolaine, Vermes, Envelier, Rebeuvelier, Courchapoix, Corban, Mervelier, Montsevelier, La Scheulte, des noms qui respirent le terroir et le dynamisme. La r\u00e9gion s\u2019est offert un logo qui rappelle les trois rivi\u00e8res, le pays vert, la terre, le s\u00e9rieux et la fantaisie.<\/p>\n\n\n\n<p><a href=\"http:\/\/www.provalterbi.ch\">http:\/\/www.provalterbi.ch<\/a><\/p>\n","protected":false},"author":2,"featured_media":2493,"template":"","class_list":["post-2492","voisins","type-voisins","status-publish","has-post-thumbnail","hentry"],"acf":[],"_links":{"self":[{"href":"https:\/\/raimeux.org\/de\/wp-json\/wp\/v2\/voisins\/2492","targetHints":{"allow":["GET"]}}],"collection":[{"href":"https:\/\/raimeux.org\/de\/wp-json\/wp\/v2\/voisins"}],"about":[{"href":"https:\/\/raimeux.org\/de\/wp-json\/wp\/v2\/types\/voisins"}],"author":[{"embeddable":true,"href":"https:\/\/raimeux.org\/de\/wp-json\/wp\/v2\/users\/2"}],"version-history":[{"count":2,"href":"https:\/\/raimeux.org\/de\/wp-json\/wp\/v2\/voisins\/2492\/revisions"}],"predecessor-version":[{"id":2496,"href":"https:\/\/raimeux.org\/de\/wp-json\/wp\/v2\/voisins\/2492\/revisions\/2496"}],"wp:featuredmedia":[{"embeddable":true,"href":"https:\/\/raimeux.org\/de\/wp-json\/wp\/v2\/media\/2493"}],"wp:attachment":[{"href":"https:\/\/raimeux.org\/de\/wp-json\/wp\/v2\/media?parent=2492"}],"curies":[{"name":"wp","href":"https:\/\/api.w.org\/{rel}","templated":true}]}}