{"id":2529,"date":"2019-07-24T15:53:03","date_gmt":"2019-07-24T13:53:03","guid":{"rendered":"http:\/\/dev.raimeux.org\/?post_type=voisins&#038;p=2529"},"modified":"2019-07-24T15:53:04","modified_gmt":"2019-07-24T13:53:04","slug":"valdoree-parcours-pedestre","status":"publish","type":"voisins","link":"https:\/\/raimeux.org\/de\/voisins\/valdoree-parcours-pedestre\/","title":{"rendered":"Valdor\u00e9e"},"content":{"rendered":"\n<p><strong>Une randonn\u00e9e facile pour les familles et les amoureux de la nature.\u00a0<\/strong><\/p>\n\n\n\n<p>Elle suit l\u2019or\u00e9e des bois, entre 400 et 600 m d\u2019altitude, autour de la vall\u00e9e de Del\u00e9mont et du \u00abVal Terbi\u00bb. Elle offre de magnifiques panoramas, permet de d\u00e9couvrir des richesses culturelles et des particularit\u00e9s r\u00e9gionales. Elle conduit vers des cabanes foresti\u00e8res, des auberges, des places de pique-nique.<\/p>\n\n\n\n<p>Les 76 km sont r\u00e9guli\u00e8rement balis\u00e9s. Le parcours est propos\u00e9 en quatre \u00e9tapes d\u2019une journ\u00e9e mais il peut \u00eatre adapt\u00e9 au gr\u00e9 et aux aptitudes de chacun.<\/p>\n\n\n\n<p><a rel=\"noreferrer noopener\" aria-label=\"http:\/\/www.sird.ch\/valdoree (s\u2019ouvre dans un nouvel onglet)\" href=\"http:\/\/www.sird.ch\/valdoree\" target=\"_blank\">http:\/\/www.sird.ch\/valdoree<\/a><\/p>\n","protected":false},"author":2,"featured_media":2530,"template":"","class_list":["post-2529","voisins","type-voisins","status-publish","has-post-thumbnail","hentry"],"acf":[],"_links":{"self":[{"href":"https:\/\/raimeux.org\/de\/wp-json\/wp\/v2\/voisins\/2529","targetHints":{"allow":["GET"]}}],"collection":[{"href":"https:\/\/raimeux.org\/de\/wp-json\/wp\/v2\/voisins"}],"about":[{"href":"https:\/\/raimeux.org\/de\/wp-json\/wp\/v2\/types\/voisins"}],"author":[{"embeddable":true,"href":"https:\/\/raimeux.org\/de\/wp-json\/wp\/v2\/users\/2"}],"version-history":[{"count":2,"href":"https:\/\/raimeux.org\/de\/wp-json\/wp\/v2\/voisins\/2529\/revisions"}],"predecessor-version":[{"id":2533,"href":"https:\/\/raimeux.org\/de\/wp-json\/wp\/v2\/voisins\/2529\/revisions\/2533"}],"wp:featuredmedia":[{"embeddable":true,"href":"https:\/\/raimeux.org\/de\/wp-json\/wp\/v2\/media\/2530"}],"wp:attachment":[{"href":"https:\/\/raimeux.org\/de\/wp-json\/wp\/v2\/media?parent=2529"}],"curies":[{"name":"wp","href":"https:\/\/api.w.org\/{rel}","templated":true}]}}